{"id":1044,"date":"2012-11-10T21:55:04","date_gmt":"2012-11-10T20:55:04","guid":{"rendered":"http:\/\/stomatologicolariano.com\/?page_id=1044"},"modified":"2012-11-10T21:56:37","modified_gmt":"2012-11-10T20:56:37","slug":"apparecchio-per-i-denti","status":"publish","type":"page","link":"https:\/\/stomatologicolariano.com\/it\/apparecchio-per-i-denti\/","title":{"rendered":"Apparecchio per i denti &#8211; Ortodonzia"},"content":{"rendered":"<p><\/p>\n<p><a href=\"http:\/\/stomatologicolariano.com\/wp-content\/uploads\/2012\/11\/ortodonzia.jpg\"><img loading=\"lazy\" class=\"alignnone  wp-image-1045\" title=\"ortodonzia\" src=\"http:\/\/stomatologicolariano.com\/wp-content\/uploads\/2012\/11\/ortodonzia.jpg\" alt=\"\" width=\"525\" height=\"203\" srcset=\"https:\/\/stomatologicolariano.com\/wp-content\/uploads\/2012\/11\/ortodonzia.jpg 583w, https:\/\/stomatologicolariano.com\/wp-content\/uploads\/2012\/11\/ortodonzia-300x116.jpg 300w\" sizes=\"(max-width: 525px) 100vw, 525px\" \/><\/a><\/p>\n<p>L\u2019 ortodonzia \u00e8 la branca dell\u2019odontoiatria che si occupa della correzione della posizione dei denti, migliorando la masticazione, la respirazione e l\u2019estetica . L\u2019 ortodonzia partecipa alla terapia globale del sistema masticatorio sia per gli adulti che per i pi\u00f9 giovani, facilita se necessario le riabilitazioni protesiche e il posizionamento degli impianti , evita la recidiva parodontale dopo la chirurgia e pu\u00f2 risolvere le complicanze della malocclusione dentale come la cefalea e tutti i disturbi cranio-cervico-mandibolari .<\/p>\n<p>Si ricorre all\u2019\u00a0<strong>ortodonzia<\/strong>\u00a0non solo per\u00a0<strong>migliorare la funzione della bocca<\/strong>\u00a0ma anche per\u00a0<strong>migliorare l\u2019estetica<\/strong>\u00a0.<\/p>\n<p>Presso lo Stomatologico Lariano srl viene eseguita l\u2019<strong>ORTODONZIA PREVENTIVA<\/strong>\u00a0e cio\u00e8 la diagnosi precoce ed il trattamento di tutte le malocclusioni gi\u00e0 presenti\u00a0<strong>nei bambini dai quattro ai sei anni<\/strong>\u00a0di et\u00e0 al fine di prevenire o di correggere eventuali patologie dentoscheletriche gi\u00e0 manifestatesi nei primi anni di vita .<\/p>\n<p>Grande attenzione poi viene data all\u2019\u00a0<strong>ORTODONZIA INTERCETTIVA<\/strong>\u00a0e cio\u00e8 alla diagnosi ed al trattamento di tutte le malocclusioni dentoscheletriche\u00a0<strong>dai sei ai dieci anni<\/strong>\u00a0di et\u00e0 che possono essere , se trattate precocemente , risolutive o rendere pi\u00f9 semplice e rapida l\u2019eventuale terapia ortodontica fissa definitiva.<\/p>\n<p>E\u2019 proprio in questa fascia di et\u00e0 che si riesce ad influenzare in maniera appropriata la crescita ossea tanto che si pu\u00f2 parlare di \u201c ortopedia maxillo-facciale \u201c .<\/p>\n<p>Infine l\u2019\u00a0<strong>ORTODONZIA PROPRIAMENTE DETTA<\/strong>\u00a0che utilizza vari tipi di dispositivi mobili o fissi per correggere malocclusioni dentali gi\u00e0 consolidate dal punto di vista scheletrico e per ricreare una situazione di normalit\u00e0 : l\u2019applicazione va\u00a0<strong>dai dodici anni senza limiti di et\u00e0 nell\u2019 adulto<\/strong>\u00a0. Ad ogni modo bisogna tener conto che, oltre che dal punto di vista cronologico , anche dal punto di vista pratico i confini tra queste tre fasi ortodontiche non sono ben distinguibili . Si ricorre all\u2019 ortodonzia non solo per migliorare la funzione della bocca ma anche per migliorare\u00a0<strong>l\u2019estetica<\/strong>.<\/p>\n<p>Le tecniche disponibili presso il nostro Centro sono diverse a seconda dell\u2019 esigenza del paziente :<\/p>\n<ul>\n<li><strong>apparecchi ortodontici mobili<\/strong><\/li>\n<li><strong>apparecchi fissi metallici o in ceramica<\/strong><\/li>\n<li><strong>apparecchi fissi linguali<\/strong><\/li>\n<li><strong>apparecchi invisibili<\/strong><\/li>\n<\/ul>\n<p>Questi ultimi vengono proposti ai pazienti pi\u00f9 esigenti cio\u00e8 quelli che richiedono la totale invisibilit\u00e0 dell\u2019apparecchio ortodontico . I\u00a0<strong>tempi di trattamento<\/strong>\u00a0variano dai sei ai trenta mesi a seconda della gravit\u00e0 della malocclusione dentale .<\/p>\n<p><\/p>","protected":false},"excerpt":{"rendered":"<p>L\u2019 ortodonzia \u00e8 la branca dell\u2019odontoiatria che si occupa della correzione della posizione dei denti, migliorando la masticazione, la respirazione e l\u2019estetica . L\u2019 ortodonzia partecipa alla terapia globale del sistema masticatorio sia per gli adulti che per i pi\u00f9 giovani, facilita se necessario le riabilitazioni protesiche e il posizionamento degli impianti , evita la [&hellip;]<\/p>\n","protected":false},"author":1,"featured_media":0,"parent":0,"menu_order":0,"comment_status":"open","ping_status":"open","template":"template_landing.php","meta":[],"_links":{"self":[{"href":"https:\/\/stomatologicolariano.com\/it\/wp-json\/wp\/v2\/pages\/1044"}],"collection":[{"href":"https:\/\/stomatologicolariano.com\/it\/wp-json\/wp\/v2\/pages"}],"about":[{"href":"https:\/\/stomatologicolariano.com\/it\/wp-json\/wp\/v2\/types\/page"}],"author":[{"embeddable":true,"href":"https:\/\/stomatologicolariano.com\/it\/wp-json\/wp\/v2\/users\/1"}],"replies":[{"embeddable":true,"href":"https:\/\/stomatologicolariano.com\/it\/wp-json\/wp\/v2\/comments?post=1044"}],"version-history":[{"count":3,"href":"https:\/\/stomatologicolariano.com\/it\/wp-json\/wp\/v2\/pages\/1044\/revisions"}],"predecessor-version":[{"id":1048,"href":"https:\/\/stomatologicolariano.com\/it\/wp-json\/wp\/v2\/pages\/1044\/revisions\/1048"}],"wp:attachment":[{"href":"https:\/\/stomatologicolariano.com\/it\/wp-json\/wp\/v2\/media?parent=1044"}],"curies":[{"name":"wp","href":"https:\/\/api.w.org\/{rel}","templated":true}]}}